{"id":19711,"date":"2025-08-28T15:16:08","date_gmt":"2025-08-28T15:16:08","guid":{"rendered":"https:\/\/cube-bikes.ca\/?page_id=19711"},"modified":"2025-08-28T17:14:36","modified_gmt":"2025-08-28T17:14:36","slug":"rappel-de-securite-tous-les-modeles-electriques-2025-avec-manivelles-acid-mtb-hybrid-pro-inspection-de-la-vis-de-manivelle-necessaire","status":"publish","type":"page","link":"https:\/\/cube-bikes.ca\/fr\/rappel-de-securite-tous-les-modeles-electriques-2025-avec-manivelles-acid-mtb-hybrid-pro-inspection-de-la-vis-de-manivelle-necessaire\/","title":{"rendered":"Rappel de s\u00e9curit\u00e9 &#8211; Tous les mod\u00e8les \u00e9lectriques 2025 avec manivelles ACID MTB HYBRID PRO &#8211; Inspection de la vis de manivelle n\u00e9cessaire !"},"content":{"rendered":"\t\t<div data-elementor-type=\"wp-page\" data-elementor-id=\"19711\" class=\"elementor elementor-19711\">\n\t\t\t\t<div class=\"elementor-element elementor-element-1c4840b8 e-flex e-con-boxed e-con e-parent\" data-id=\"1c4840b8\" data-element_type=\"container\">\n\t\t\t\t\t<div class=\"e-con-inner\">\n\t\t\t\t\t<\/div>\n\t\t\t\t<\/div>\n\t\t<div class=\"elementor-element elementor-element-ad40876 e-flex e-con-boxed e-con e-parent\" data-id=\"ad40876\" data-element_type=\"container\">\n\t\t\t\t\t<div class=\"e-con-inner\">\n\t\t\t\t<div class=\"elementor-element elementor-element-b41d9ca elementor-widget elementor-widget-spacer\" data-id=\"b41d9ca\" data-element_type=\"widget\" data-widget_type=\"spacer.default\">\n\t\t\t\t<div class=\"elementor-widget-container\">\n\t\t\t\t\t\t\t<div class=\"elementor-spacer\">\n\t\t\t<div class=\"elementor-spacer-inner\"><\/div>\n\t\t<\/div>\n\t\t\t\t\t\t<\/div>\n\t\t\t\t<\/div>\n\t\t\t\t\t<\/div>\n\t\t\t\t<\/div>\n\t\t<div class=\"elementor-element elementor-element-4cbb65c e-flex e-con-boxed e-con e-parent\" data-id=\"4cbb65c\" data-element_type=\"container\">\n\t\t\t\t\t<div class=\"e-con-inner\">\n\t\t\t\t<div class=\"elementor-element elementor-element-9cfd903 elementor-widget elementor-widget-heading\" data-id=\"9cfd903\" data-element_type=\"widget\" data-widget_type=\"heading.default\">\n\t\t\t\t<div class=\"elementor-widget-container\">\n\t\t\t\t\t<h1 class=\"elementor-heading-title elementor-size-default\"><span style=\"font-size: 23.9988px\">Rappel s\u00e9curit\u00e9 produit -Tous les mod\u00e8les \u00e9lectriques 2025 avec manivelles ACID MTB HYBRID PRO Inspection du boulon de manivelle n\u00e9cessaire !<\/span><\/h1>\t\t\t\t<\/div>\n\t\t\t\t<\/div>\n\t\t\t\t<div class=\"elementor-element elementor-element-fca3e1a elementor-widget elementor-widget-text-editor\" data-id=\"fca3e1a\" data-element_type=\"widget\" data-widget_type=\"text-editor.default\">\n\t\t\t\t<div class=\"elementor-widget-container\">\n\t\t\t\t\t\t\t\t\t<p>Cher client CUBE,<\/p>\n<p>Sur la base de tests internes et des r\u00e9actions du march\u00e9 concernant le desserrement des manivelles, nous avons \u00e9tabli un lien avec un boulon de manivelle d\u00e9fectueux.<\/p>\n<p>Pour maintenir la s\u00e9curit\u00e9 du produit, le boulon de la manivelle doit \u00eatre inspect\u00e9 par un revendeur CUBE sans d\u00e9lai. Si vous continuez \u00e0 utiliser les mod\u00e8les concern\u00e9s sans les faire inspecter par un <a href=\"https:\/\/cube-bikes.ca\/fr\/find-a-store-canada\/\">revendeur CUBE<\/a>, les manivelles risquent de se desserrer et de tomber, ce qui pourrait provoquer un accident. <\/p>\n\t\t\t\t\t\t\t\t<\/div>\n\t\t\t\t<\/div>\n\t\t\t\t<div class=\"elementor-element elementor-element-be0658f elementor-widget elementor-widget-image\" data-id=\"be0658f\" data-element_type=\"widget\" data-widget_type=\"image.default\">\n\t\t\t\t<div class=\"elementor-widget-container\">\n\t\t\t\t\t\t\t\t\t\t\t\t<figure class=\"wp-caption\">\n\t\t\t\t\t\t\t\t\t\t<img loading=\"lazy\" loading=\"lazy\" decoding=\"async\" width=\"802\" height=\"218\" src=\"https:\/\/cube-bikes.ca\/wp-content\/uploads\/2025\/08\/Header_Rckruf_AcidKurbelarm_1920x1920.png\" class=\"attachment-large size-large wp-image-19677\" alt=\"\" srcset=\"https:\/\/cube-bikes.ca\/wp-content\/uploads\/2025\/08\/Header_Rckruf_AcidKurbelarm_1920x1920.png 802w, https:\/\/cube-bikes.ca\/wp-content\/uploads\/2025\/08\/Header_Rckruf_AcidKurbelarm_1920x1920-300x82.png 300w, https:\/\/cube-bikes.ca\/wp-content\/uploads\/2025\/08\/Header_Rckruf_AcidKurbelarm_1920x1920-768x209.png 768w, https:\/\/cube-bikes.ca\/wp-content\/uploads\/2025\/08\/Header_Rckruf_AcidKurbelarm_1920x1920-600x163.png 600w, https:\/\/cube-bikes.ca\/wp-content\/uploads\/2025\/08\/Header_Rckruf_AcidKurbelarm_1920x1920-10x3.png 10w\" sizes=\"auto, (max-width: 802px) 100vw, 802px\" \/>\t\t\t\t\t\t\t\t\t\t\t<figcaption class=\"widget-image-caption wp-caption-text\">Fig. 1. : BRAS DE MANIVELLE ACID MTB HYBRID GEN4 PRO GAUCHE\/DROITE (CONCERNE UNIQUEMENT LES V\u00c9LOS \u00c0 PARTIR DE L'ANN\u00c9E MOD\u00c8LE 2025)<\/figcaption>\n\t\t\t\t\t\t\t\t\t\t<\/figure>\n\t\t\t\t\t\t\t\t\t<\/div>\n\t\t\t\t<\/div>\n\t\t\t\t<div class=\"elementor-element elementor-element-83eeea0 elementor-widget elementor-widget-text-editor\" data-id=\"83eeea0\" data-element_type=\"widget\" data-widget_type=\"text-editor.default\">\n\t\t\t\t<div class=\"elementor-widget-container\">\n\t\t\t\t\t\t\t\t\t<p>Si votre v\u00e9lo est l&#8217;un des mod\u00e8les list\u00e9s ci-dessous, il est concern\u00e9 par ce probl\u00e8me. Veuillez contacter votre revendeur CUBE pour organiser l&#8217;inspection. <\/p>\n<p>Si le boulon de la manivelle de votre bicyclette porte le marquage indiqu\u00e9 dans les figures 2 et 3, il a d\u00e9j\u00e0 \u00e9t\u00e9 v\u00e9rifi\u00e9 et n&#8217;est pas concern\u00e9. <\/p>\t\t\t\t\t\t\t\t<\/div>\n\t\t\t\t<\/div>\n\t\t\t\t\t<\/div>\n\t\t\t\t<\/div>\n\t\t<div class=\"elementor-element elementor-element-c9e7622 e-flex e-con-boxed e-con e-parent\" data-id=\"c9e7622\" data-element_type=\"container\">\n\t\t\t\t\t<div class=\"e-con-inner\">\n\t\t<div class=\"elementor-element elementor-element-1608bb1 e-con-full e-flex e-con e-child\" data-id=\"1608bb1\" data-element_type=\"container\">\n\t\t\t\t<div class=\"elementor-element elementor-element-a4658f6 elementor-widget elementor-widget-image\" data-id=\"a4658f6\" data-element_type=\"widget\" data-widget_type=\"image.default\">\n\t\t\t\t<div class=\"elementor-widget-container\">\n\t\t\t\t\t\t\t\t\t\t\t\t<figure class=\"wp-caption\">\n\t\t\t\t\t\t\t\t\t\t<img loading=\"lazy\" loading=\"lazy\" decoding=\"async\" width=\"300\" height=\"300\" src=\"https:\/\/cube-bikes.ca\/wp-content\/uploads\/2025\/08\/AcidKurbel_Rckruf_Abb2_MarkierungAntrieb_web_1920x1920-300x300.png\" class=\"attachment-medium size-medium wp-image-19679\" alt=\"\" srcset=\"https:\/\/cube-bikes.ca\/wp-content\/uploads\/2025\/08\/AcidKurbel_Rckruf_Abb2_MarkierungAntrieb_web_1920x1920-300x300.png 300w, https:\/\/cube-bikes.ca\/wp-content\/uploads\/2025\/08\/AcidKurbel_Rckruf_Abb2_MarkierungAntrieb_web_1920x1920-150x150.png 150w, https:\/\/cube-bikes.ca\/wp-content\/uploads\/2025\/08\/AcidKurbel_Rckruf_Abb2_MarkierungAntrieb_web_1920x1920-768x768.png 768w, https:\/\/cube-bikes.ca\/wp-content\/uploads\/2025\/08\/AcidKurbel_Rckruf_Abb2_MarkierungAntrieb_web_1920x1920-600x600.png 600w, https:\/\/cube-bikes.ca\/wp-content\/uploads\/2025\/08\/AcidKurbel_Rckruf_Abb2_MarkierungAntrieb_web_1920x1920-100x100.png 100w, https:\/\/cube-bikes.ca\/wp-content\/uploads\/2025\/08\/AcidKurbel_Rckruf_Abb2_MarkierungAntrieb_web_1920x1920-10x10.png 10w, https:\/\/cube-bikes.ca\/wp-content\/uploads\/2025\/08\/AcidKurbel_Rckruf_Abb2_MarkierungAntrieb_web_1920x1920.png 901w\" sizes=\"auto, (max-width: 300px) 100vw, 300px\" \/>\t\t\t\t\t\t\t\t\t\t\t<figcaption class=\"widget-image-caption wp-caption-text\">Fig. 2.<\/figcaption>\n\t\t\t\t\t\t\t\t\t\t<\/figure>\n\t\t\t\t\t\t\t\t\t<\/div>\n\t\t\t\t<\/div>\n\t\t\t\t<\/div>\n\t\t<div class=\"elementor-element elementor-element-aadca8e e-con-full e-flex e-con e-child\" data-id=\"aadca8e\" data-element_type=\"container\">\n\t\t\t\t<div class=\"elementor-element elementor-element-9b3fc7c elementor-widget elementor-widget-image\" data-id=\"9b3fc7c\" data-element_type=\"widget\" data-widget_type=\"image.default\">\n\t\t\t\t<div class=\"elementor-widget-container\">\n\t\t\t\t\t\t\t\t\t\t\t\t<figure class=\"wp-caption\">\n\t\t\t\t\t\t\t\t\t\t<img loading=\"lazy\" loading=\"lazy\" decoding=\"async\" width=\"300\" height=\"300\" src=\"https:\/\/cube-bikes.ca\/wp-content\/uploads\/2025\/08\/AcidKurbel_Rckruf_Abb3_MarkierungAntrieb_web_1920x1920-300x300.png\" class=\"attachment-medium size-medium wp-image-19681\" alt=\"\" srcset=\"https:\/\/cube-bikes.ca\/wp-content\/uploads\/2025\/08\/AcidKurbel_Rckruf_Abb3_MarkierungAntrieb_web_1920x1920-300x300.png 300w, https:\/\/cube-bikes.ca\/wp-content\/uploads\/2025\/08\/AcidKurbel_Rckruf_Abb3_MarkierungAntrieb_web_1920x1920-150x150.png 150w, https:\/\/cube-bikes.ca\/wp-content\/uploads\/2025\/08\/AcidKurbel_Rckruf_Abb3_MarkierungAntrieb_web_1920x1920-768x768.png 768w, https:\/\/cube-bikes.ca\/wp-content\/uploads\/2025\/08\/AcidKurbel_Rckruf_Abb3_MarkierungAntrieb_web_1920x1920-600x600.png 600w, https:\/\/cube-bikes.ca\/wp-content\/uploads\/2025\/08\/AcidKurbel_Rckruf_Abb3_MarkierungAntrieb_web_1920x1920-100x100.png 100w, https:\/\/cube-bikes.ca\/wp-content\/uploads\/2025\/08\/AcidKurbel_Rckruf_Abb3_MarkierungAntrieb_web_1920x1920-10x10.png 10w, https:\/\/cube-bikes.ca\/wp-content\/uploads\/2025\/08\/AcidKurbel_Rckruf_Abb3_MarkierungAntrieb_web_1920x1920.png 901w\" sizes=\"auto, (max-width: 300px) 100vw, 300px\" \/>\t\t\t\t\t\t\t\t\t\t\t<figcaption class=\"widget-image-caption wp-caption-text\">Fig. 3.<\/figcaption>\n\t\t\t\t\t\t\t\t\t\t<\/figure>\n\t\t\t\t\t\t\t\t\t<\/div>\n\t\t\t\t<\/div>\n\t\t\t\t<\/div>\n\t\t\t\t\t<\/div>\n\t\t\t\t<\/div>\n\t\t<div class=\"elementor-element elementor-element-06b3fa4 e-flex e-con-boxed e-con e-parent\" data-id=\"06b3fa4\" data-element_type=\"container\">\n\t\t\t\t\t<div class=\"e-con-inner\">\n\t\t\t\t<div class=\"elementor-element elementor-element-c8e0cff elementor-widget elementor-widget-image\" data-id=\"c8e0cff\" data-element_type=\"widget\" data-widget_type=\"image.default\">\n\t\t\t\t<div class=\"elementor-widget-container\">\n\t\t\t\t\t\t\t\t\t\t\t\t\t\t\t<img decoding=\"async\" src=\"https:\/\/cube-bikes.ca\/wp-content\/uploads\/2025\/08\/LIST-OF-AFFECTED-BIKES-FROM-MODEL-YEAR-2025-3.pdf\" title=\"\" alt=\"\" loading=\"lazy\" \/>\t\t\t\t\t\t\t\t\t\t\t\t\t\t\t<\/div>\n\t\t\t\t<\/div>\n\t\t\t\t<div class=\"elementor-element elementor-element-71d6043 elementor-widget elementor-widget-html\" data-id=\"71d6043\" data-element_type=\"widget\" data-widget_type=\"html.default\">\n\t\t\t\t<div class=\"elementor-widget-container\">\n\t\t\t\t\t<div>\n\n\n  <meta charset=\"UTF-8\">\n  <title>PDF Cube Bikes<\/title>\n  <!-- Import Roboto depuis Google Fonts -->\n  <link href=\"https:\/\/fonts.googleapis.com\/css2?family=Roboto&amp;display=swap\" rel=\"stylesheet\">\n  <style>\n    body {\n      font-family: 'Roboto', sans-serif;\n      text-align: center;\n      padding: 50px;\n    }\n    .pdf-link {\n      display: inline-block;\n      padding: 12px 24px;\n      background-color: #000000; \/* noir *\/\n      color: white;\n      text-decoration: none;\n      border-radius: 5px;\n      margin-top: 20px;\n      transition: background-color 0.3s;\n    }\n    .pdf-link:hover {\n      background-color: #333333; \/* gris fonc\u00e9 au survol *\/\n    }\n  <\/style>\n\n\n  <p>\n    <a class=\"pdf-link\" href=\"https:\/\/cube-bikes.ca\/wp-content\/uploads\/2025\/08\/LIST-OF-AFFECTED-BIKES-FROM-MODEL-YEAR-2025-3.pdf\" target=\"_blank\" rel=\"noopener noreferrer\">\n LISTE DES V\u00c9LOS CONCERN\u00c9S \u00c0 PARTIR DE L'ANN\u00c9E MOD\u00c8LE 2025\n    <\/a>\n  <\/p>\n\n\n<\/div>\t\t\t\t<\/div>\n\t\t\t\t<\/div>\n\t\t\t\t\t<\/div>\n\t\t\t\t<\/div>\n\t\t<div class=\"elementor-element elementor-element-de64195 e-flex e-con-boxed e-con e-parent\" data-id=\"de64195\" data-element_type=\"container\">\n\t\t\t\t\t<div class=\"e-con-inner\">\n\t\t\t\t<div class=\"elementor-element elementor-element-d92b16a elementor-widget elementor-widget-text-editor\" data-id=\"d92b16a\" data-element_type=\"widget\" data-widget_type=\"text-editor.default\">\n\t\t\t\t<div class=\"elementor-widget-container\">\n\t\t\t\t\t\t\t\t\t<p>Nous vous remercions de votre compr\u00e9hension et nous nous excusons par avance pour la g\u00eane occasionn\u00e9e.<\/p>\n<p>Meilleures salutations,<br>L&#8217;\u00e9quipe CUBE<\/p>\t\t\t\t\t\t\t\t<\/div>\n\t\t\t\t<\/div>\n\t\t\t\t\t<\/div>\n\t\t\t\t<\/div>\n\t\t<div class=\"elementor-element elementor-element-ae92527 e-flex e-con-boxed e-con e-parent\" data-id=\"ae92527\" data-element_type=\"container\">\n\t\t\t\t\t<div class=\"e-con-inner\">\n\t\t\t\t<div class=\"elementor-element elementor-element-aff1fe3 elementor-widget elementor-widget-spacer\" data-id=\"aff1fe3\" data-element_type=\"widget\" data-widget_type=\"spacer.default\">\n\t\t\t\t<div class=\"elementor-widget-container\">\n\t\t\t\t\t\t\t<div class=\"elementor-spacer\">\n\t\t\t<div class=\"elementor-spacer-inner\"><\/div>\n\t\t<\/div>\n\t\t\t\t\t\t<\/div>\n\t\t\t\t<\/div>\n\t\t\t\t\t<\/div>\n\t\t\t\t<\/div>\n\t\t\t\t<\/div>\n\t\t","protected":false},"excerpt":{"rendered":"<p>Rappel s\u00e9curit\u00e9 produit -Tous les mod\u00e8les \u00e9lectriques 2025 avec manivelles ACID MTB HYBRID PRO Inspection du boulon de manivelle n\u00e9cessaire ! Cher client CUBE, Sur&#8230;<\/p>\n","protected":false},"author":4,"featured_media":0,"parent":0,"menu_order":0,"comment_status":"closed","ping_status":"closed","template":"elementor_header_footer","meta":{"footnotes":""},"class_list":["post-19711","page","type-page","status-publish","hentry"],"_links":{"self":[{"href":"https:\/\/cube-bikes.ca\/fr\/wp-json\/wp\/v2\/pages\/19711","targetHints":{"allow":["GET"]}}],"collection":[{"href":"https:\/\/cube-bikes.ca\/fr\/wp-json\/wp\/v2\/pages"}],"about":[{"href":"https:\/\/cube-bikes.ca\/fr\/wp-json\/wp\/v2\/types\/page"}],"author":[{"embeddable":true,"href":"https:\/\/cube-bikes.ca\/fr\/wp-json\/wp\/v2\/users\/4"}],"replies":[{"embeddable":true,"href":"https:\/\/cube-bikes.ca\/fr\/wp-json\/wp\/v2\/comments?post=19711"}],"version-history":[{"count":1,"href":"https:\/\/cube-bikes.ca\/fr\/wp-json\/wp\/v2\/pages\/19711\/revisions"}],"predecessor-version":[{"id":19712,"href":"https:\/\/cube-bikes.ca\/fr\/wp-json\/wp\/v2\/pages\/19711\/revisions\/19712"}],"wp:attachment":[{"href":"https:\/\/cube-bikes.ca\/fr\/wp-json\/wp\/v2\/media?parent=19711"}],"curies":[{"name":"wp","href":"https:\/\/api.w.org\/{rel}","templated":true}]}}